{"id":260,"date":"2026-03-14T13:05:17","date_gmt":"2026-03-14T13:05:17","guid":{"rendered":"https:\/\/vandelftinterieur.nl\/?page_id=260"},"modified":"2026-03-15T19:03:56","modified_gmt":"2026-03-15T19:03:56","slug":"kasten-op-maat","status":"publish","type":"page","link":"https:\/\/vandelftinterieur.nl\/?page_id=260","title":{"rendered":"Kasten op maat"},"content":{"rendered":"\n<div class=\"wp-block-group has-mono-1-background-color has-background is-layout-flow wp-container-core-group-is-layout-ce397403 wp-block-group-is-layout-flow\" style=\"margin-top:0;margin-bottom:0;padding-top:0;padding-right:0;padding-bottom:0;padding-left:0\">\n<div class=\"wp-block-cover is-light\" style=\"padding-top:var(--wp--preset--spacing--superbspacing-xlarge);padding-right:0;padding-bottom:var(--wp--preset--spacing--superbspacing-xlarge);padding-left:0;min-height:50px;aspect-ratio:unset;\"><img loading=\"lazy\" decoding=\"async\" width=\"2560\" height=\"1920\" class=\"wp-block-cover__image-background wp-image-66 size-full\" alt=\"\" src=\"https:\/\/vandelftinterieur.nl\/wp-content\/uploads\/2026\/03\/image00032-scaled.jpeg\" style=\"object-position:51% 75%\" data-object-fit=\"cover\" data-object-position=\"51% 75%\" srcset=\"https:\/\/vandelftinterieur.nl\/wp-content\/uploads\/2026\/03\/image00032-scaled.jpeg 2560w, https:\/\/vandelftinterieur.nl\/wp-content\/uploads\/2026\/03\/image00032-300x225.jpeg 300w, https:\/\/vandelftinterieur.nl\/wp-content\/uploads\/2026\/03\/image00032-1024x768.jpeg 1024w, https:\/\/vandelftinterieur.nl\/wp-content\/uploads\/2026\/03\/image00032-768x576.jpeg 768w, https:\/\/vandelftinterieur.nl\/wp-content\/uploads\/2026\/03\/image00032-1536x1152.jpeg 1536w, https:\/\/vandelftinterieur.nl\/wp-content\/uploads\/2026\/03\/image00032-2048x1536.jpeg 2048w\" sizes=\"auto, (max-width: 2560px) 100vw, 2560px\" \/><span aria-hidden=\"true\" class=\"wp-block-cover__background has-background-dim-40 has-background-dim\" style=\"background-color:#889199\"><\/span><div class=\"wp-block-cover__inner-container is-layout-flow wp-block-cover-is-layout-flow\">\n<div class=\"wp-block-group has-global-padding is-layout-constrained wp-container-core-group-is-layout-27ec71c5 wp-block-group-is-layout-constrained\" style=\"padding-top:0;padding-right:var(--wp--preset--spacing--superbspacing-small);padding-bottom:0;padding-left:var(--wp--preset--spacing--superbspacing-small)\">\n<div class=\"wp-block-group has-global-padding is-content-justification-center is-layout-constrained wp-container-core-group-is-layout-32b5ec3b wp-block-group-is-layout-constrained\" style=\"margin-top:0;margin-bottom:0\">\n<h1 class=\"wp-block-heading has-text-align-center has-text-color has-superbfont-xxlarge-font-size\" style=\"color:#fdfdfd;font-style:normal;font-weight:400\">PRODUCTEN MET EEN VERHAAL<\/h1>\n\n\n\n<div class=\"wp-block-buttons is-content-justification-center is-layout-flex wp-container-core-buttons-is-layout-a89b3969 wp-block-buttons-is-layout-flex\">\n<div class=\"wp-block-button is-style-outline is-style-outline--1\"><a class=\"wp-block-button__link has-contrast-light-color has-text-color has-link-color has-border-color has-contrast-light-border-color wp-element-button\" style=\"border-width:1px\">Neem contact op<\/a><\/div>\n\n\n\n<div class=\"wp-block-button\"><a class=\"wp-block-button__link wp-element-button\">Vind ons op google maps<\/a><\/div>\n<\/div>\n<\/div>\n<\/div>\n<\/div><\/div>\n<\/div>\n\n\n\n<div class=\"wp-block-group alignfull has-mono-4-background-color has-background has-global-padding is-layout-constrained wp-container-core-group-is-layout-129f6e7c wp-block-group-is-layout-constrained\" style=\"margin-top:0;margin-bottom:0;padding-top:var(--wp--preset--spacing--superbspacing-large);padding-right:var(--wp--preset--spacing--superbspacing-small);padding-bottom:var(--wp--preset--spacing--superbspacing-large);padding-left:var(--wp--preset--spacing--superbspacing-small)\">\n<div class=\"wp-block-columns alignwide is-layout-flex wp-container-core-columns-is-layout-25593187 wp-block-columns-is-layout-flex\">\n<div class=\"wp-block-column is-vertically-aligned-center is-layout-flow wp-container-core-column-is-layout-a1628350 wp-block-column-is-layout-flow\" style=\"padding-top:0;padding-right:0;padding-bottom:0;padding-left:0\">\n<div class=\"wp-block-group is-layout-flow wp-container-core-group-is-layout-ff697075 wp-block-group-is-layout-flow\">\n<h3 class=\"wp-block-heading has-text-align-left has-superbfont-xlarge-font-size\" style=\"line-height:1.2\">Kasten op maat<\/h3>\n\n\n\n<p class=\"has-mono-2-color has-text-color has-link-color wp-elements-0d2010fdabab9aeaff8b23afe2fbd91b\">Wij ontwerpen, tekenen, maken en plaatsen de kasten geheel op maat naar wens. Van inbouwkasten tot wandkasten: wij maken oplossingen die volledig aansluiten bij uw interieur en wensen.<br><\/p>\n\n\n\n<p><strong>Van idee tot realisatie<\/strong><\/p>\n\n\n\n<p>1. Ori\u00ebntatiegesprek: We bespreken indeling, stijl, kleuren en budget.<\/p>\n\n\n\n<p>2. 3D ontwerp: U ontvangt een realistische 3D tekening van uw nieuwe kast.<\/p>\n\n\n\n<p>3. Complete ontzorging mogelijk:<\/p>\n\n\n\n<p>Wij kunnen het volledige traject verzorgen:<\/p>\n\n\n\n<ul class=\"wp-block-list\">\n<li>Sloopwerk<\/li>\n\n\n\n<li>Elektra<\/li>\n\n\n\n<li>Installatie<\/li>\n\n\n\n<li>Montage<\/li>\n<\/ul>\n\n\n\n<p class=\"has-mono-2-color has-text-color has-link-color wp-elements-b0c8176ff59e6f8be2338a3417cabcd0\">Door samenwerking met vaste vakmensen nemen wij het complete project uit handen. E\u00e9n aanspreekpunt, \u00e9\u00e9n planning, alles geregeld.<\/p>\n<\/div>\n<\/div>\n<\/div>\n\n\n\n<figure class=\"wp-block-gallery has-nested-images columns-3 is-cropped wp-block-gallery-2 is-layout-flex wp-block-gallery-is-layout-flex\">\n<figure class=\"wp-block-image size-full\"><img loading=\"lazy\" decoding=\"async\" width=\"2560\" height=\"1920\" data-id=\"157\" src=\"https:\/\/vandelftinterieur.nl\/wp-content\/uploads\/2026\/03\/image00122-scaled.jpeg\" alt=\"\" class=\"wp-image-157\" style=\"aspect-ratio:1\" srcset=\"https:\/\/vandelftinterieur.nl\/wp-content\/uploads\/2026\/03\/image00122-scaled.jpeg 2560w, https:\/\/vandelftinterieur.nl\/wp-content\/uploads\/2026\/03\/image00122-300x225.jpeg 300w, https:\/\/vandelftinterieur.nl\/wp-content\/uploads\/2026\/03\/image00122-1024x768.jpeg 1024w, https:\/\/vandelftinterieur.nl\/wp-content\/uploads\/2026\/03\/image00122-768x576.jpeg 768w, https:\/\/vandelftinterieur.nl\/wp-content\/uploads\/2026\/03\/image00122-1536x1152.jpeg 1536w, https:\/\/vandelftinterieur.nl\/wp-content\/uploads\/2026\/03\/image00122-2048x1536.jpeg 2048w\" sizes=\"auto, (max-width: 2560px) 100vw, 2560px\" \/><\/figure>\n\n\n\n<figure class=\"wp-block-image size-full\"><img loading=\"lazy\" decoding=\"async\" width=\"1920\" height=\"2560\" data-id=\"155\" src=\"https:\/\/vandelftinterieur.nl\/wp-content\/uploads\/2026\/03\/image00120-scaled.jpeg\" alt=\"\" class=\"wp-image-155\" style=\"aspect-ratio:1\" srcset=\"https:\/\/vandelftinterieur.nl\/wp-content\/uploads\/2026\/03\/image00120-scaled.jpeg 1920w, https:\/\/vandelftinterieur.nl\/wp-content\/uploads\/2026\/03\/image00120-225x300.jpeg 225w, https:\/\/vandelftinterieur.nl\/wp-content\/uploads\/2026\/03\/image00120-768x1024.jpeg 768w, https:\/\/vandelftinterieur.nl\/wp-content\/uploads\/2026\/03\/image00120-1152x1536.jpeg 1152w, https:\/\/vandelftinterieur.nl\/wp-content\/uploads\/2026\/03\/image00120-1536x2048.jpeg 1536w\" sizes=\"auto, (max-width: 1920px) 100vw, 1920px\" \/><\/figure>\n\n\n\n<figure class=\"wp-block-image size-full\"><img loading=\"lazy\" decoding=\"async\" width=\"2048\" height=\"2560\" data-id=\"151\" src=\"https:\/\/vandelftinterieur.nl\/wp-content\/uploads\/2026\/03\/image00116-scaled.jpeg\" alt=\"\" class=\"wp-image-151\" style=\"aspect-ratio:1\" srcset=\"https:\/\/vandelftinterieur.nl\/wp-content\/uploads\/2026\/03\/image00116-scaled.jpeg 2048w, https:\/\/vandelftinterieur.nl\/wp-content\/uploads\/2026\/03\/image00116-240x300.jpeg 240w, https:\/\/vandelftinterieur.nl\/wp-content\/uploads\/2026\/03\/image00116-819x1024.jpeg 819w, https:\/\/vandelftinterieur.nl\/wp-content\/uploads\/2026\/03\/image00116-768x960.jpeg 768w, https:\/\/vandelftinterieur.nl\/wp-content\/uploads\/2026\/03\/image00116-1229x1536.jpeg 1229w, https:\/\/vandelftinterieur.nl\/wp-content\/uploads\/2026\/03\/image00116-1638x2048.jpeg 1638w\" sizes=\"auto, (max-width: 2048px) 100vw, 2048px\" \/><\/figure>\n\n\n\n<figure class=\"wp-block-image size-full\"><img loading=\"lazy\" decoding=\"async\" width=\"2048\" height=\"2560\" data-id=\"150\" src=\"https:\/\/vandelftinterieur.nl\/wp-content\/uploads\/2026\/03\/image00115-scaled.jpeg\" alt=\"\" class=\"wp-image-150\" style=\"aspect-ratio:1\" srcset=\"https:\/\/vandelftinterieur.nl\/wp-content\/uploads\/2026\/03\/image00115-scaled.jpeg 2048w, https:\/\/vandelftinterieur.nl\/wp-content\/uploads\/2026\/03\/image00115-240x300.jpeg 240w, https:\/\/vandelftinterieur.nl\/wp-content\/uploads\/2026\/03\/image00115-819x1024.jpeg 819w, https:\/\/vandelftinterieur.nl\/wp-content\/uploads\/2026\/03\/image00115-768x960.jpeg 768w, https:\/\/vandelftinterieur.nl\/wp-content\/uploads\/2026\/03\/image00115-1229x1536.jpeg 1229w, https:\/\/vandelftinterieur.nl\/wp-content\/uploads\/2026\/03\/image00115-1639x2048.jpeg 1639w\" sizes=\"auto, (max-width: 2048px) 100vw, 2048px\" \/><\/figure>\n\n\n\n<figure class=\"wp-block-image size-full\"><img loading=\"lazy\" decoding=\"async\" width=\"2560\" height=\"1920\" data-id=\"146\" src=\"https:\/\/vandelftinterieur.nl\/wp-content\/uploads\/2026\/03\/image00111-scaled.jpeg\" alt=\"\" class=\"wp-image-146\" style=\"aspect-ratio:1\" srcset=\"https:\/\/vandelftinterieur.nl\/wp-content\/uploads\/2026\/03\/image00111-scaled.jpeg 2560w, https:\/\/vandelftinterieur.nl\/wp-content\/uploads\/2026\/03\/image00111-300x225.jpeg 300w, https:\/\/vandelftinterieur.nl\/wp-content\/uploads\/2026\/03\/image00111-1024x768.jpeg 1024w, https:\/\/vandelftinterieur.nl\/wp-content\/uploads\/2026\/03\/image00111-768x576.jpeg 768w, https:\/\/vandelftinterieur.nl\/wp-content\/uploads\/2026\/03\/image00111-1536x1152.jpeg 1536w, https:\/\/vandelftinterieur.nl\/wp-content\/uploads\/2026\/03\/image00111-2048x1536.jpeg 2048w\" sizes=\"auto, (max-width: 2560px) 100vw, 2560px\" \/><\/figure>\n\n\n\n<figure class=\"wp-block-image size-full\"><img loading=\"lazy\" decoding=\"async\" width=\"2560\" height=\"1920\" data-id=\"144\" src=\"https:\/\/vandelftinterieur.nl\/wp-content\/uploads\/2026\/03\/image00109-scaled.jpeg\" alt=\"\" class=\"wp-image-144\" style=\"aspect-ratio:1\" srcset=\"https:\/\/vandelftinterieur.nl\/wp-content\/uploads\/2026\/03\/image00109-scaled.jpeg 2560w, https:\/\/vandelftinterieur.nl\/wp-content\/uploads\/2026\/03\/image00109-300x225.jpeg 300w, https:\/\/vandelftinterieur.nl\/wp-content\/uploads\/2026\/03\/image00109-1024x768.jpeg 1024w, https:\/\/vandelftinterieur.nl\/wp-content\/uploads\/2026\/03\/image00109-768x576.jpeg 768w, https:\/\/vandelftinterieur.nl\/wp-content\/uploads\/2026\/03\/image00109-1536x1152.jpeg 1536w, https:\/\/vandelftinterieur.nl\/wp-content\/uploads\/2026\/03\/image00109-2048x1536.jpeg 2048w\" sizes=\"auto, (max-width: 2560px) 100vw, 2560px\" \/><\/figure>\n\n\n\n<figure class=\"wp-block-image size-full\"><img loading=\"lazy\" decoding=\"async\" width=\"1920\" height=\"2560\" data-id=\"139\" src=\"https:\/\/vandelftinterieur.nl\/wp-content\/uploads\/2026\/03\/image00104-scaled.jpeg\" alt=\"\" class=\"wp-image-139\" style=\"aspect-ratio:1\" srcset=\"https:\/\/vandelftinterieur.nl\/wp-content\/uploads\/2026\/03\/image00104-scaled.jpeg 1920w, https:\/\/vandelftinterieur.nl\/wp-content\/uploads\/2026\/03\/image00104-225x300.jpeg 225w, https:\/\/vandelftinterieur.nl\/wp-content\/uploads\/2026\/03\/image00104-768x1024.jpeg 768w, https:\/\/vandelftinterieur.nl\/wp-content\/uploads\/2026\/03\/image00104-1152x1536.jpeg 1152w, https:\/\/vandelftinterieur.nl\/wp-content\/uploads\/2026\/03\/image00104-1536x2048.jpeg 1536w\" sizes=\"auto, (max-width: 1920px) 100vw, 1920px\" \/><\/figure>\n\n\n\n<figure class=\"wp-block-image size-full\"><img loading=\"lazy\" decoding=\"async\" width=\"1920\" height=\"2560\" data-id=\"135\" src=\"https:\/\/vandelftinterieur.nl\/wp-content\/uploads\/2026\/03\/image00100-scaled.jpeg\" alt=\"\" class=\"wp-image-135\" style=\"aspect-ratio:1\" srcset=\"https:\/\/vandelftinterieur.nl\/wp-content\/uploads\/2026\/03\/image00100-scaled.jpeg 1920w, https:\/\/vandelftinterieur.nl\/wp-content\/uploads\/2026\/03\/image00100-225x300.jpeg 225w, https:\/\/vandelftinterieur.nl\/wp-content\/uploads\/2026\/03\/image00100-768x1024.jpeg 768w, https:\/\/vandelftinterieur.nl\/wp-content\/uploads\/2026\/03\/image00100-1152x1536.jpeg 1152w, https:\/\/vandelftinterieur.nl\/wp-content\/uploads\/2026\/03\/image00100-1536x2048.jpeg 1536w\" sizes=\"auto, (max-width: 1920px) 100vw, 1920px\" \/><\/figure>\n\n\n\n<figure class=\"wp-block-image size-full\"><img loading=\"lazy\" decoding=\"async\" width=\"2560\" height=\"1920\" data-id=\"57\" src=\"https:\/\/vandelftinterieur.nl\/wp-content\/uploads\/2026\/03\/image00023-scaled.jpeg\" alt=\"\" class=\"wp-image-57\" style=\"aspect-ratio:1\" srcset=\"https:\/\/vandelftinterieur.nl\/wp-content\/uploads\/2026\/03\/image00023-scaled.jpeg 2560w, https:\/\/vandelftinterieur.nl\/wp-content\/uploads\/2026\/03\/image00023-300x225.jpeg 300w, https:\/\/vandelftinterieur.nl\/wp-content\/uploads\/2026\/03\/image00023-1024x768.jpeg 1024w, https:\/\/vandelftinterieur.nl\/wp-content\/uploads\/2026\/03\/image00023-768x576.jpeg 768w, https:\/\/vandelftinterieur.nl\/wp-content\/uploads\/2026\/03\/image00023-1536x1152.jpeg 1536w, https:\/\/vandelftinterieur.nl\/wp-content\/uploads\/2026\/03\/image00023-2048x1536.jpeg 2048w\" sizes=\"auto, (max-width: 2560px) 100vw, 2560px\" \/><\/figure>\n\n\n\n<figure class=\"wp-block-image size-full\"><img loading=\"lazy\" decoding=\"async\" width=\"2560\" height=\"1920\" data-id=\"56\" src=\"https:\/\/vandelftinterieur.nl\/wp-content\/uploads\/2026\/03\/image00022-scaled.jpeg\" alt=\"\" class=\"wp-image-56\" style=\"aspect-ratio:1\" srcset=\"https:\/\/vandelftinterieur.nl\/wp-content\/uploads\/2026\/03\/image00022-scaled.jpeg 2560w, https:\/\/vandelftinterieur.nl\/wp-content\/uploads\/2026\/03\/image00022-300x225.jpeg 300w, https:\/\/vandelftinterieur.nl\/wp-content\/uploads\/2026\/03\/image00022-1024x768.jpeg 1024w, https:\/\/vandelftinterieur.nl\/wp-content\/uploads\/2026\/03\/image00022-768x576.jpeg 768w, https:\/\/vandelftinterieur.nl\/wp-content\/uploads\/2026\/03\/image00022-1536x1152.jpeg 1536w, https:\/\/vandelftinterieur.nl\/wp-content\/uploads\/2026\/03\/image00022-2048x1536.jpeg 2048w\" sizes=\"auto, (max-width: 2560px) 100vw, 2560px\" \/><\/figure>\n\n\n\n<figure class=\"wp-block-image size-full\"><img loading=\"lazy\" decoding=\"async\" width=\"1920\" height=\"2560\" data-id=\"55\" src=\"https:\/\/vandelftinterieur.nl\/wp-content\/uploads\/2026\/03\/image00021-scaled.jpeg\" alt=\"\" class=\"wp-image-55\" style=\"aspect-ratio:1\" srcset=\"https:\/\/vandelftinterieur.nl\/wp-content\/uploads\/2026\/03\/image00021-scaled.jpeg 1920w, https:\/\/vandelftinterieur.nl\/wp-content\/uploads\/2026\/03\/image00021-225x300.jpeg 225w, https:\/\/vandelftinterieur.nl\/wp-content\/uploads\/2026\/03\/image00021-768x1024.jpeg 768w, https:\/\/vandelftinterieur.nl\/wp-content\/uploads\/2026\/03\/image00021-1152x1536.jpeg 1152w, https:\/\/vandelftinterieur.nl\/wp-content\/uploads\/2026\/03\/image00021-1536x2048.jpeg 1536w\" sizes=\"auto, (max-width: 1920px) 100vw, 1920px\" \/><\/figure>\n\n\n\n<figure class=\"wp-block-image size-full\"><img loading=\"lazy\" decoding=\"async\" width=\"750\" height=\"992\" data-id=\"40\" src=\"https:\/\/vandelftinterieur.nl\/wp-content\/uploads\/2026\/03\/image00006.jpeg\" alt=\"\" class=\"wp-image-40\" style=\"aspect-ratio:1\" srcset=\"https:\/\/vandelftinterieur.nl\/wp-content\/uploads\/2026\/03\/image00006.jpeg 750w, https:\/\/vandelftinterieur.nl\/wp-content\/uploads\/2026\/03\/image00006-227x300.jpeg 227w\" sizes=\"auto, (max-width: 750px) 100vw, 750px\" \/><\/figure>\n<\/figure>\n<\/div>\n","protected":false},"excerpt":{"rendered":"<p>Kasten op maat Wij ontwerpen, tekenen, maken en plaatsen de kasten geheel op maat naar wens. Van inbouwkasten tot wandkasten: wij maken oplossingen die volledig aansluiten bij uw interieur en wensen. Van idee tot realisatie 1. Ori\u00ebntatiegesprek: We bespreken indeling, stijl, kleuren en budget. 2. 3D ontwerp: U ontvangt een realistische 3D tekening van uw [&hellip;]<\/p>\n","protected":false},"author":1,"featured_media":0,"parent":0,"menu_order":0,"comment_status":"closed","ping_status":"closed","template":"superbaddons-page-template","meta":{"footnotes":""},"class_list":["post-260","page","type-page","status-publish","hentry"],"_links":{"self":[{"href":"https:\/\/vandelftinterieur.nl\/index.php?rest_route=\/wp\/v2\/pages\/260","targetHints":{"allow":["GET"]}}],"collection":[{"href":"https:\/\/vandelftinterieur.nl\/index.php?rest_route=\/wp\/v2\/pages"}],"about":[{"href":"https:\/\/vandelftinterieur.nl\/index.php?rest_route=\/wp\/v2\/types\/page"}],"author":[{"embeddable":true,"href":"https:\/\/vandelftinterieur.nl\/index.php?rest_route=\/wp\/v2\/users\/1"}],"replies":[{"embeddable":true,"href":"https:\/\/vandelftinterieur.nl\/index.php?rest_route=%2Fwp%2Fv2%2Fcomments&post=260"}],"version-history":[{"count":3,"href":"https:\/\/vandelftinterieur.nl\/index.php?rest_route=\/wp\/v2\/pages\/260\/revisions"}],"predecessor-version":[{"id":303,"href":"https:\/\/vandelftinterieur.nl\/index.php?rest_route=\/wp\/v2\/pages\/260\/revisions\/303"}],"wp:attachment":[{"href":"https:\/\/vandelftinterieur.nl\/index.php?rest_route=%2Fwp%2Fv2%2Fmedia&parent=260"}],"curies":[{"name":"wp","href":"https:\/\/api.w.org\/{rel}","templated":true}]}}